{"id":9703,"date":"2022-03-10T08:52:11","date_gmt":"2022-03-10T07:52:11","guid":{"rendered":"https:\/\/gruppootologico.com\/privacy-policy\/"},"modified":"2024-11-21T16:30:11","modified_gmt":"2024-11-21T15:30:11","slug":"privacy-policy","status":"publish","type":"page","link":"https:\/\/gruppootologico.com\/en\/privacy-policy\/","title":{"rendered":"Privacy Policy"},"content":{"rendered":"<div class=\"fusion-fullwidth fullwidth-box fusion-builder-row-1 fusion-flex-container nonhundred-percent-fullwidth non-hundred-percent-height-scrolling\" style=\"--awb-border-radius-top-left:0px;--awb-border-radius-top-right:0px;--awb-border-radius-bottom-right:0px;--awb-border-radius-bottom-left:0px;--awb-flex-wrap:wrap;\" ><div class=\"fusion-builder-row fusion-row fusion-flex-align-items-flex-start fusion-flex-content-wrap\" style=\"max-width:1248px;margin-left: calc(-4% \/ 2 );margin-right: calc(-4% \/ 2 );\"><div class=\"fusion-layout-column fusion_builder_column fusion-builder-column-0 fusion_builder_column_1_1 1_1 fusion-flex-column\" style=\"--awb-bg-blend:overlay;--awb-bg-size:cover;--awb-width-large:100%;--awb-margin-top-large:50px;--awb-spacing-right-large:1.92%;--awb-margin-bottom-large:0px;--awb-spacing-left-large:1.92%;--awb-width-medium:100%;--awb-spacing-right-medium:1.92%;--awb-spacing-left-medium:1.92%;--awb-width-small:100%;--awb-spacing-right-small:1.92%;--awb-spacing-left-small:1.92%;\"><div class=\"fusion-column-wrapper fusion-flex-justify-content-flex-start fusion-content-layout-column\"><div class=\"fusion-text fusion-text-1\"><p>\n&#13;<\/p>\n<table style=\"height: 3394px;\" width=\"1112\">&#13;<\/p>\n<tbody>&#13;<\/p>\n<tr>&#13;<\/p>\n<td colspan=\"2\" width=\"725\">&#13;<\/p>\n<p>Gentile Interessato, <strong>Casa di Cura Privata Piacenza S.p.A. <\/strong>ha grande rispetto per la privacy degli Utenti. I dati che saranno eventualmente comunicati dall&#8217;Utente attraverso il Sito saranno trattati con la massima attenzione e con tutti gli strumenti atti a garantirne la sicurezza, nel pieno rispetto della normativa vigente posta a tutela della riservatezza dei dati. Desideriamo informarLa che il \u201cRegolamento Europeo 2016\/679 relativo alla protezione delle persone fisiche con riguardo al Trattamento dei Dati Personali, nonch\u00e9 alla libera circolazione di tali dati\u201d (da ora in poi \u201cGDPR\u201d) prevede la protezione delle persone fisiche con riguardo al trattamento dei dati di carattere personale come diritto fondamentale. Ai sensi dell&#8217;articolo 13 del GDPR, pertanto, La informiamo che:<\/p>\n<p>&#13;\n<\/td>\n<p>&#13;\n<\/tr>\n<p>&#13;<\/p>\n<tr>&#13;<\/p>\n<td width=\"120\">&#13;<\/p>\n<p><strong><img decoding=\"async\" class=\"size-full wp-image-7460\" src=\"https:\/\/gruppootologico.com\/wp-content\/uploads\/2023\/11\/privacy_A.png\" alt=\"Privacy Policy - Casa di Cura Piacenza\" width=\"33\" height=\"44\"\/><\/strong><\/p>\n<p>&#13;\n<\/td>\n<p>&#13;<\/p>\n<td width=\"605\">&#13;<\/p>\n<p><strong>A. CATEGORIE DI DATI<\/strong>: oggetto del trattamento possono essere i suoi dati personali quali:<\/p>\n<p>&#13;<\/p>\n<p><strong>a. Dati raccolti in automatico<\/strong>. I sistemi informatici e gli applicativi dedicati al funzionamento di questo sito web rilevano, nel corso del loro normale funzionamento, alcuni dati (la cui trasmissione \u00e8 implicita nell\u2019uso dei protocolli di comunicazione di Internet) potenzialmente associati ad utenti identificabili. Tra i dati raccolti sono compresi gli indirizzi IP e i nomi di dominio dei computer utilizzati dagli utenti che si connettono al sito, gli indirizzi in notazione URI (Uniform Resource Identifier) delle risorse richieste, il metodo utilizzato nel sottoporre la richiesta al server, la dimensione del file ottenuto in risposta, il codice numerico indicante lo stato della risposta data dal server (buon fine, errore, ecc.) ed altri parametri riguardanti il sistema operativo, il browser e l\u2019ambiente informatico utilizzato dall\u2019utente, nome dell&#8217;internet service provider (ISP), data e orario di visita, pagina web di provenienza del visitatore (referral) e di uscita.<\/p>\n<p>&#13;<\/p>\n<p><strong>b. Dati forniti volontariamente dall\u2019utente.<\/strong> L\u2019invio volontario ed esplicito di posta elettronica agli indirizzi indicati nei differenti canali di accesso di questo sito non comporta richiesta di consenso e comporta l\u2019acquisizione dell\u2019indirizzo e dei dati del mittente, necessario per rispondere alle richieste, nonch\u00e9 degli eventuali altri dati personali inseriti nella missiva. Tali dati si intendono volontariamente forniti dall&#8217;utente al momento della richiesta di erogazione del servizio. Inserendo un commento o altra informazione l&#8217;utente accetta espressamente l&#8217;informativa privacy, e in particolare acconsente che i contenuti inseriti siano liberamente diffusi anche a terzi. Al contrario, specifiche informative di sintesi saranno riportate o visualizzate nelle pagine del sito predisposte per particolari servizi a richiesta (form). L\u2019utente dovr\u00e0 pertanto acconsentire esplicitamente all\u2019utilizzo dei dati riportati in questi form per poter inviare la richiesta.<\/p>\n<p>&#13;<\/p>\n<p><strong>c. Cookies.<\/strong> Il sito utilizza cookie. I dati raccolti grazie ai cookie possono servire per accedere a delle parti del sito o per fini statistici o per rendere l\u2019esperienza di navigazione pi\u00f9 piacevole e pi\u00f9 efficiente in futuro, cercando di valutare il comportamento degli utenti e di modificare la proposizione di offerta dei contenuti in funzione del loro comportamento. Per maggiori informazioni \u00e8 disponibile una apposita <a href=\"https:\/\/gruppootologico.com\/en\/cookie-policy\/\" target=\"_blank\" rel=\"noopener\">cookie policy<\/a>.<\/p>\n<p>&#13;<\/p>\n<p><strong>d. Plug-in.<\/strong> Il sito incorpora anche plugin e\/o bottoni per i social network, al fine di consentire una facile condivisione dei contenuti sui vostri social network preferiti. Tali plug-in sono programmati in modo da non impostare alcun cookie all&#8217;accesso della pagina, per salvaguardare la privacy degli utenti. Eventualmente i cookie vengono impostati, se cos\u00ec previsto dai social network, solo quando l&#8217;utente fa effettivo e volontario uso del plug-in. Si tenga presente che se l&#8217;utente naviga essendo loggato nel social network allora ha gi\u00e0 acconsentito all&#8217;uso dei cookie veicolati tramite questo sito al momento dell&#8217;iscrizione al social network. La raccolta e l&#8217;uso delle informazioni ottenute a mezzo del plug-in sono regolati dalle rispettive informative privacy dei social network, alle quali si prega di fare riferimento.<\/p>\n<p>&#13;\n<\/td>\n<p>&#13;\n<\/tr>\n<p>&#13;<\/p>\n<tr>&#13;<\/p>\n<td width=\"120\">&#13;<\/p>\n<p><img decoding=\"async\" class=\"size-full wp-image-7461 alignleft\" src=\"https:\/\/gruppootologico.com\/wp-content\/uploads\/2023\/11\/privacy_B.png\" alt=\"Privacy Policy - Casa di Cura Piacenza\" width=\"60\" height=\"49\"\/><\/p>\n<p>&#13;<\/p>\n<p>\u00a0<\/p>\n<p>&#13;\n<\/td>\n<p>&#13;<\/p>\n<td width=\"605\">&#13;<\/p>\n<p><strong>B. TITOLARE DEL TRATTAMENTO: <\/strong>il titolare del trattamento <strong>Casa di Cura Privata Piacenza S.p.A.<\/strong>, <strong>P.IVA 00203950332<\/strong>, contattabile telefonicamente allo <a href=\"tel:+390523711340\"><strong>0523.711340<\/strong><\/a> o all\u2019indirizzo mail <a href=\"mailto:gdpr@casadicura.pc.it\"><strong>gdpr@casadicura.pc.it <\/strong><\/a><\/p>\n<p>&#13;\n<\/td>\n<p>&#13;\n<\/tr>\n<p>&#13;<\/p>\n<tr>&#13;<\/p>\n<td width=\"120\">&#13;<\/p>\n<p><img decoding=\"async\" class=\"wp-image-7462 alignleft\" src=\"https:\/\/gruppootologico.com\/wp-content\/uploads\/2023\/11\/privacy_C.png\" alt=\"Privacy Policy - Casa di Cura Piacenza\" width=\"126\" height=\"48\" srcset=\"https:\/\/gruppootologico.com\/wp-content\/uploads\/2023\/11\/privacy_C-200x76.png 200w, https:\/\/gruppootologico.com\/wp-content\/uploads\/2023\/11\/privacy_C-300x115.png 300w, https:\/\/gruppootologico.com\/wp-content\/uploads\/2023\/11\/privacy_C.png 382w\" sizes=\"(max-width: 126px) 100vw, 126px\" \/><\/p>\n<p>&#13;<\/p>\n<p>\u00a0<\/p>\n<p>&#13;\n<\/td>\n<p>&#13;<\/p>\n<td width=\"605\">&#13;<\/p>\n<p>\u00a0<\/p>\n<p>&#13;<\/p>\n<p><strong>C. FONTE DEI DATI PERSONALI: I<\/strong> dati personali in possesso del Titolare sono raccolti direttamente presso l\u2019interessato.<\/p>\n<p>&#13;<\/p>\n<p><strong>\u00a0<\/strong><\/p>\n<p>&#13;\n<\/td>\n<p>&#13;\n<\/tr>\n<p>&#13;<\/p>\n<tr>&#13;<\/p>\n<td width=\"120\">&#13;<\/p>\n<p><img decoding=\"async\" class=\"size-full wp-image-7463 alignleft\" src=\"https:\/\/gruppootologico.com\/wp-content\/uploads\/2023\/11\/privacy_D.png\" alt=\"Privacy Policy - Casa di Cura Piacenza\" width=\"57\" height=\"44\"\/><\/p>\n<p>&#13;\n<\/td>\n<p>&#13;<\/p>\n<td width=\"605\">&#13;<\/p>\n<p><strong>D. FINALIT\u00c0 DI TRATTAMENTO DEI DATI E BASE GIURIDICA:<\/strong> il trattamento dei Suoi dati ha come finalit\u00e0 e base giuridica:<\/p>\n<p>&#13;<\/p>\n<p>1.\u00a0\u00a0\u00a0\u00a0\u00a0\u00a0 <u>Per i dati raccolti in automatico<\/u>, la base giuridica \u00e8 il legittimo interesse del titolare e la finalit\u00e0 \u00e8 garantire e migliorare l\u2019esperienza di navigazione web.<\/p>\n<p>&#13;<\/p>\n<p>2.\u00a0\u00a0\u00a0\u00a0\u00a0\u00a0 <u>Per i dati forniti volontariamente dall\u2019utente<\/u>, la base giuridica \u00e8 il consenso e, per l\u2019invio di mail ai nostri indirizzi, la finalit\u00e0 \u00e8 poter inviare risposte alle richieste specifiche effettuate dall\u2019utente; per i form la finalit\u00e0 \u00e8 indicata nella specifica informativa.<\/p>\n<p>&#13;<\/p>\n<p>3.\u00a0\u00a0\u00a0\u00a0\u00a0\u00a0 <u>Per i cookies ed i plug-in: <\/u>confronta la specifica cookie policy.<\/p>\n<p>&#13;\n<\/td>\n<p>&#13;\n<\/tr>\n<p>&#13;<\/p>\n<tr>&#13;<\/p>\n<td width=\"120\">&#13;<\/p>\n<p><img decoding=\"async\" class=\" wp-image-7464\" src=\"https:\/\/gruppootologico.com\/wp-content\/uploads\/2023\/11\/privacy_E.png\" alt=\"Privacy Policy - Casa di Cura Piacenza\" width=\"61\" height=\"49\" srcset=\"https:\/\/gruppootologico.com\/wp-content\/uploads\/2023\/11\/privacy_E-177x142.png 177w, https:\/\/gruppootologico.com\/wp-content\/uploads\/2023\/11\/privacy_E-200x159.png 200w, https:\/\/gruppootologico.com\/wp-content\/uploads\/2023\/11\/privacy_E.png 204w\" sizes=\"(max-width: 61px) 100vw, 61px\" \/><\/p>\n<p>&#13;\n<\/td>\n<p>&#13;<\/p>\n<td width=\"605\">&#13;<\/p>\n<p><strong>E. DESTINATARI DEI DATI: <\/strong>nei limiti pertinenti alle finalit\u00e0 di trattamento indicate, i Suoi dati potranno essere comunicati, se del caso, ad altri soggetti connessi alle attivit\u00e0 di trattamento, interni ed esterni al Titolare, quali dipendenti ed assimilati, partner, societ\u00e0 di consulenza, aziende private, fornitori di servizi tecnici terzi, hosting provider, societ\u00e0 informatiche, agenzie di comunicazione. I Suoi dati non saranno in alcun modo oggetto di diffusione.<\/p>\n<p>&#13;\n<\/td>\n<p>&#13;\n<\/tr>\n<p>&#13;<\/p>\n<tr>&#13;<\/p>\n<td width=\"120\">&#13;<\/p>\n<p>\u00a0<\/p>\n<p>&#13;<\/p>\n<p><img decoding=\"async\" class=\"size-full wp-image-7465\" src=\"https:\/\/gruppootologico.com\/wp-content\/uploads\/2023\/11\/privacy_F.png\" alt=\"Privacy Policy - Casa di Cura Piacenza\" width=\"51\" height=\"48\"\/><\/p>\n<p>&#13;\n<\/td>\n<p>&#13;<\/p>\n<td width=\"605\">&#13;<\/p>\n<p><strong>F. TRASFERIMENTO DEI DATI VERSO PAESI TERZI: <\/strong>i dati raccolti non sono oggetto di trasferimento verso paesi terzi al di fuori dello Spazio Economico Europeo. Per quanto concerne i cookie, confronta la <a href=\"https:\/\/gruppootologico.com\/en\/cookie-policy\/\" target=\"_blank\" rel=\"noopener\">cookie policy<\/a>.<\/p>\n<p>&#13;\n<\/td>\n<p>&#13;\n<\/tr>\n<p>&#13;<\/p>\n<tr>&#13;<\/p>\n<td width=\"120\">&#13;<\/p>\n<p><img decoding=\"async\" class=\"size-full wp-image-7466 alignleft\" src=\"https:\/\/gruppootologico.com\/wp-content\/uploads\/2023\/11\/privacy_G.png\" alt=\"Privacy Policy - Casa di Cura Piacenza\" width=\"46\" height=\"49\"\/><\/p>\n<p>&#13;\n<\/td>\n<p>&#13;<\/p>\n<td width=\"605\">&#13;<\/p>\n<p><strong>G. PERIODO DI CONSERVAZIONE: <\/strong>in base al principio di limitazione della conservazione (art.5, GDPR), la verifica sulla obsolescenza dei dati conservati in relazione alle finalit\u00e0 per cui sono stati raccolti viene effettuata periodicamente. <br\/>In particolare:<\/p>\n<p>&#13;<\/p>\n<p>a) i dati raccolti in automatico vengono trattati, per il tempo strettamente necessario, al solo fine di ricavare informazioni statistiche sull\u2019uso del sito e per controllarne il regolare funzionamento, anche a fini di sicurezza o in base alle scadenze previste dalle norme di legge.<\/p>\n<p>&#13;<\/p>\n<p>b) I dati forniti volontariamente dall\u2019utente verranno conservati per un arco di tempo non superiore al conseguimento delle finalit\u00e0 per le quali sono trattati o in base alle scadenze previste dalle norme di legge.<strong><br\/><\/strong><\/p>\n<p>&#13;\n<\/td>\n<p>&#13;\n<\/tr>\n<p>&#13;<\/p>\n<tr>&#13;<\/p>\n<td width=\"120\">&#13;<\/p>\n<p><img decoding=\"async\" class=\"size-full wp-image-7467 alignleft\" src=\"https:\/\/gruppootologico.com\/wp-content\/uploads\/2023\/11\/privacy_H.png\" alt=\"Privacy Policy - Casa di Cura Piacenza\" width=\"47\" height=\"45\"\/><\/p>\n<p>&#13;\n<\/td>\n<p>&#13;<\/p>\n<td width=\"605\">&#13;<\/p>\n<p><strong>H. DIRITTI DELL\u2019INTERESSATO:<\/strong> l\u2019interessato ha sempre diritto a richiedere al Titolare l\u2019accesso ai Suoi dati, la rettifica o la cancellazione degli stessi, la limitazione del trattamento o la possibilit\u00e0 di opporsi al trattamento, di richiedere la portabilit\u00e0 dei dati, di revocare il consenso al trattamento facendo valere questi e gli altri diritti previsti dal GDPR tramite semplice comunicazione al Titolare. L\u2018interessato pu\u00f2 proporre reclamo anche a un\u2019autorit\u00e0 di controllo.<\/p>\n<p>&#13;\n<\/td>\n<p>&#13;\n<\/tr>\n<p>&#13;<\/p>\n<tr>&#13;<\/p>\n<td width=\"120\">&#13;<\/p>\n<p><img decoding=\"async\" class=\"size-full wp-image-7468 alignleft\" src=\"https:\/\/gruppootologico.com\/wp-content\/uploads\/2023\/11\/privacy_I.png\" alt=\"Privacy Policy - Casa di Cura Piacenza\" width=\"51\" height=\"45\"\/><\/p>\n<p>&#13;<\/p>\n<p>\u00a0<\/p>\n<p>&#13;\n<\/td>\n<p>&#13;<\/p>\n<td width=\"605\">&#13;<\/p>\n<p><strong>I. OBBLIGATORIETA\u2019 O MENO DEL CONFERIMENTO:<\/strong>il conferimento dei suoi dati \u00e8 obbligatorio durante la navigazione del nostro sito web per quanto riguarda i punti D.1 e D.2 delle finalit\u00e0 sopracitate, per permettere la corretta erogazione del servizio. Il conferimento del consenso dei suoi dati per il punto D.3 \u00e8 invece facoltativo e non comprometter\u00e0 in alcun modo l\u2019erogazione del servizio.<\/p>\n<p>&#13;\n<\/td>\n<p>&#13;\n<\/tr>\n<p>&#13;<\/p>\n<tr>&#13;<\/p>\n<td width=\"120\">&#13;<\/p>\n<p><img decoding=\"async\" class=\"wp-image-7470 alignleft\" src=\"https:\/\/gruppootologico.com\/wp-content\/uploads\/2023\/11\/privacy_J.png\" alt=\"Privacy Policy - Casa di Cura Piacenza\" width=\"59\" height=\"59\"\/><\/p>\n<p>&#13;\n<\/td>\n<p>&#13;<\/p>\n<td width=\"605\">&#13;<\/p>\n<p><strong>J. MODALIT\u00c0 DI TRATTAMENTO DEI DATI: <\/strong>i dati personali da Lei forniti, formeranno oggetto di operazioni di trattamento nel rispetto della normativa sopracitata e degli obblighi di riservatezza cui \u00e8 ispirata l&#8217;attivit\u00e0 del Titolare. I dati verranno trattati sia con strumenti informatici sia su supporti cartacei sia su ogni altro tipo di supporto idoneo (es. sistemi in cloud, sistemi di archiviazione e conservazione sostitutiva digitale, \u2026), nel rispetto di adeguate misure tecniche ed organizzative di sicurezza previste dal GDPR.<\/p>\n<p>&#13;\n<\/td>\n<p>&#13;\n<\/tr>\n<p>&#13;<\/p>\n<tr>&#13;<\/p>\n<td width=\"120\">&#13;<\/p>\n<p><img decoding=\"async\" class=\"size-full wp-image-7471\" src=\"https:\/\/gruppootologico.com\/wp-content\/uploads\/2023\/11\/privacy_K.png\" alt=\"Privacy Policy - Casa di Cura Piacenza\" width=\"59\" height=\"48\"\/><\/p>\n<p>&#13;\n<\/td>\n<p>&#13;<\/p>\n<td width=\"605\">&#13;<\/p>\n<p><strong>K. NOTE FINALI E MODALIT<\/strong><strong>\u00c0<\/strong><strong> DI AGGIORNAMENTO:<\/strong> l&#8217;informativa \u00e8 resa solo per il presente sito internet e non anche per altri siti web eventualmente consultati dall&#8217;utente tramite link contenuti nel presente sito. L&#8217;informativa pu\u00f2 subire modifiche a causa dell&#8217;introduzione di nuove norme al riguardo, si invita pertanto l&#8217;utente a controllare periodicamente la presente pagina per essere sempre aggiornati sulle ultime novit\u00e0 legislative. Le versioni recedenti della presente informativa potranno sempre essere richieste al Titolare del trattamento.<\/p>\n<p>&#13;\n<\/td>\n<p>&#13;\n<\/tr>\n<p>&#13;<\/p>\n<tr>&#13;<\/p>\n<td width=\"120\">&#13;<\/p>\n<p><img decoding=\"async\" class=\"wp-image-7472 alignleft\" src=\"https:\/\/gruppootologico.com\/wp-content\/uploads\/2023\/11\/privacy_KK.png\" alt=\"Privacy Policy - Casa di Cura Piacenza\" width=\"60\" height=\"55\"\/><\/p>\n<p>&#13;\n<\/td>\n<p>&#13;<\/p>\n<td width=\"605\">&#13;<\/p>\n<p>\u00a0<\/p>\n<p>&#13;<\/p>\n<p><strong>K. DATI DI CONTATTO DEL D.P.O.: <\/strong>il titolare ha provveduto alla nomina del D.P.O. contattabile via mail all\u2019indirizzo <a href=\"mailto:dpo.cdcpc@casadicura.pc.it\" target=\"_blank\" rel=\"noopener\"><strong>dpo.cdcpc@casadicura.pc.it<\/strong><\/a><\/p>\n<p>&#13;\n<\/td>\n<p>&#13;\n<\/tr>\n<p>&#13;<\/p>\n<tr>&#13;<\/p>\n<td width=\"120\">&#13;<\/p>\n<p>\u00a0<\/p>\n<p>&#13;<\/p>\n<p><img decoding=\"async\" class=\"wp-image-7473 alignleft\" src=\"https:\/\/gruppootologico.com\/wp-content\/uploads\/2023\/11\/privacy_L.png\" alt=\"Privacy Policy - Casa di Cura Piacenza\" width=\"70\" height=\"47\"\/><\/p>\n<p>&#13;\n<\/td>\n<p>&#13;<\/p>\n<td width=\"605\">&#13;<\/p>\n<p>\u00a0<\/p>\n<p>&#13;<\/p>\n<p><strong>L. PROCESSI DECISIONALI AUTOMATIZZATI: <\/strong>Non sono previsti processi decisionali automatizzati.<\/p>\n<p>&#13;\n<\/td>\n<p>&#13;\n<\/tr>\n<p>&#13;\n<\/tbody>\n<p>&#13;\n<\/table>\n<p>&#13;<\/p>\n<p>\u00a0<\/p>\n<p>&#13;<\/p>\n<\/div><div class=\"fusion-text fusion-text-2\"><p><center><\/p>\n<h3>Further information on our <a href=\"https:\/\/www.iubenda.com\/privacy-policy\/66889363\" target=\"_blank\" rel=\"noopener\">Privacy Policy<\/a><\/h3>\n<p><\/center><\/p>\n<\/div><\/div><\/div><\/div><\/div>\n","protected":false},"excerpt":{"rendered":"","protected":false},"author":1,"featured_media":0,"parent":0,"menu_order":0,"comment_status":"closed","ping_status":"closed","template":"","meta":{"footnotes":""},"class_list":["post-9703","page","type-page","status-publish","hentry"],"_links":{"self":[{"href":"https:\/\/gruppootologico.com\/en\/wp-json\/wp\/v2\/pages\/9703","targetHints":{"allow":["GET"]}}],"collection":[{"href":"https:\/\/gruppootologico.com\/en\/wp-json\/wp\/v2\/pages"}],"about":[{"href":"https:\/\/gruppootologico.com\/en\/wp-json\/wp\/v2\/types\/page"}],"author":[{"embeddable":true,"href":"https:\/\/gruppootologico.com\/en\/wp-json\/wp\/v2\/users\/1"}],"replies":[{"embeddable":true,"href":"https:\/\/gruppootologico.com\/en\/wp-json\/wp\/v2\/comments?post=9703"}],"version-history":[{"count":1,"href":"https:\/\/gruppootologico.com\/en\/wp-json\/wp\/v2\/pages\/9703\/revisions"}],"predecessor-version":[{"id":9704,"href":"https:\/\/gruppootologico.com\/en\/wp-json\/wp\/v2\/pages\/9703\/revisions\/9704"}],"wp:attachment":[{"href":"https:\/\/gruppootologico.com\/en\/wp-json\/wp\/v2\/media?parent=9703"}],"curies":[{"name":"wp","href":"https:\/\/api.w.org\/{rel}","templated":true}]}}